{"version":"1.0","provider_name":"We Love Cinema","provider_url":"https:\/\/welovecinema.be\/fr\/","author_name":"Aurore Engelen","author_url":"https:\/\/welovecinema.be\/fr\/author\/aurore-engelen\/","title":"Sur le tournage de... \"Filles de joie\" - We Love Cinema","type":"rich","width":600,"height":338,"html":"<blockquote class=\"wp-embedded-content\" data-secret=\"04H3QiGw6U\"><a href=\"https:\/\/welovecinema.be\/fr\/sur-le-tournage-de-la-frontiere\/\">Sur le tournage de&#8230; \u00ab\u00a0Filles de joie\u00a0\u00bb<\/a><\/blockquote><iframe sandbox=\"allow-scripts\" security=\"restricted\" src=\"https:\/\/welovecinema.be\/fr\/sur-le-tournage-de-la-frontiere\/embed\/#?secret=04H3QiGw6U\" width=\"600\" height=\"338\" title=\"\u00ab\u00a0Sur le tournage de&#8230; \u00ab\u00a0Filles de joie\u00a0\u00bb\u00a0\u00bb &#8212; We Love Cinema\" data-secret=\"04H3QiGw6U\" frameborder=\"0\" marginwidth=\"0\" marginheight=\"0\" scrolling=\"no\" class=\"wp-embedded-content\"><\/iframe><script type=\"text\/javascript\">\n\/* <![CDATA[ *\/\n\/*! This file is auto-generated *\/\n!function(d,l){\"use strict\";l.querySelector&&d.addEventListener&&\"undefined\"!=typeof URL&&(d.wp=d.wp||{},d.wp.receiveEmbedMessage||(d.wp.receiveEmbedMessage=function(e){var t=e.data;if((t||t.secret||t.message||t.value)&&!\/[^a-zA-Z0-9]\/.test(t.secret)){for(var s,r,n,a=l.querySelectorAll('iframe[data-secret=\"'+t.secret+'\"]'),o=l.querySelectorAll('blockquote[data-secret=\"'+t.secret+'\"]'),c=new RegExp(\"^https?:$\",\"i\"),i=0;i<o.length;i++)o[i].style.display=\"none\";for(i=0;i<a.length;i++)s=a[i],e.source===s.contentWindow&&(s.removeAttribute(\"style\"),\"height\"===t.message?(1e3<(r=parseInt(t.value,10))?r=1e3:~~r<200&&(r=200),s.height=r):\"link\"===t.message&&(r=new URL(s.getAttribute(\"src\")),n=new URL(t.value),c.test(n.protocol))&&n.host===r.host&&l.activeElement===s&&(d.top.location.href=t.value))}},d.addEventListener(\"message\",d.wp.receiveEmbedMessage,!1),l.addEventListener(\"DOMContentLoaded\",function(){for(var e,t,s=l.querySelectorAll(\"iframe.wp-embedded-content\"),r=0;r<s.length;r++)(t=(e=s[r]).getAttribute(\"data-secret\"))||(t=Math.random().toString(36).substring(2,12),e.src+=\"#?secret=\"+t,e.setAttribute(\"data-secret\",t)),e.contentWindow.postMessage({message:\"ready\",secret:t},\"*\")},!1)))}(window,document);\n\/* ]]> *\/\n<\/script>\n","thumbnail_url":"https:\/\/welovecinema.be\/wp-content\/uploads\/sites\/2\/2018\/05\/LA-FRONTIERE-clap-dernier-jour.jpg","thumbnail_width":1504,"thumbnail_height":937,"description":"Vendredi 25 mai 2018. Apr\u00e8s 30 jours denses et intenses, Fr\u00e9d\u00e9ric Fonteyne et son \u00e9quipe abordent avec \u00e9motion, enthousiasme, et un peu de soulagement le dernier jour de tournage de La Fronti\u00e8re, le 5e long m\u00e9trage du r\u00e9alisateur belge. L&rsquo;atmosph\u00e8re oscille entre extr\u00eame concentration, et franche rigolade, ambiance fin de colonie de vacances. Une partie &hellip;"}