{"version":"1.0","provider_name":"We Love Cinema","provider_url":"https:\/\/welovecinema.be\/fr\/","author_name":"Philippe.Pierquin","author_url":"https:\/\/welovecinema.be\/fr\/author\/philippe-pierquin\/","title":"S\u00e9lection officielle Magritte du Cin\u00e9ma 2017 - Documentaires - We Love Cinema","type":"rich","width":600,"height":338,"html":"<blockquote class=\"wp-embedded-content\" data-secret=\"77aZp9l6hC\"><a href=\"https:\/\/welovecinema.be\/fr\/selection-officielle-magritte-du-cinema-2017-documentaires\/\">S\u00e9lection officielle Magritte du Cin\u00e9ma 2017 &#8211; Documentaires<\/a><\/blockquote><iframe sandbox=\"allow-scripts\" security=\"restricted\" src=\"https:\/\/welovecinema.be\/fr\/selection-officielle-magritte-du-cinema-2017-documentaires\/embed\/#?secret=77aZp9l6hC\" width=\"600\" height=\"338\" title=\"\u00ab\u00a0S\u00e9lection officielle Magritte du Cin\u00e9ma 2017 &#8211; Documentaires\u00a0\u00bb &#8212; We Love Cinema\" data-secret=\"77aZp9l6hC\" frameborder=\"0\" marginwidth=\"0\" marginheight=\"0\" scrolling=\"no\" class=\"wp-embedded-content\"><\/iframe><script type=\"text\/javascript\">\n\/* <![CDATA[ *\/\n\/*! This file is auto-generated *\/\n!function(d,l){\"use strict\";l.querySelector&&d.addEventListener&&\"undefined\"!=typeof URL&&(d.wp=d.wp||{},d.wp.receiveEmbedMessage||(d.wp.receiveEmbedMessage=function(e){var t=e.data;if((t||t.secret||t.message||t.value)&&!\/[^a-zA-Z0-9]\/.test(t.secret)){for(var s,r,n,a=l.querySelectorAll('iframe[data-secret=\"'+t.secret+'\"]'),o=l.querySelectorAll('blockquote[data-secret=\"'+t.secret+'\"]'),c=new RegExp(\"^https?:$\",\"i\"),i=0;i<o.length;i++)o[i].style.display=\"none\";for(i=0;i<a.length;i++)s=a[i],e.source===s.contentWindow&&(s.removeAttribute(\"style\"),\"height\"===t.message?(1e3<(r=parseInt(t.value,10))?r=1e3:~~r<200&&(r=200),s.height=r):\"link\"===t.message&&(r=new URL(s.getAttribute(\"src\")),n=new URL(t.value),c.test(n.protocol))&&n.host===r.host&&l.activeElement===s&&(d.top.location.href=t.value))}},d.addEventListener(\"message\",d.wp.receiveEmbedMessage,!1),l.addEventListener(\"DOMContentLoaded\",function(){for(var e,t,s=l.querySelectorAll(\"iframe.wp-embedded-content\"),r=0;r<s.length;r++)(t=(e=s[r]).getAttribute(\"data-secret\"))||(t=Math.random().toString(36).substring(2,12),e.src+=\"#?secret=\"+t,e.setAttribute(\"data-secret\",t)),e.contentWindow.postMessage({message:\"ready\",secret:t},\"*\")},!1)))}(window,document);\n\/* ]]> *\/\n<\/script>\n","thumbnail_url":"https:\/\/welovecinema.be\/wp-content\/uploads\/sites\/2\/2016\/09\/IMG_2539-800x533.jpg","thumbnail_width":800,"thumbnail_height":533,"description":"Le Comit\u00e9 Documentaire de l\u2019Acad\u00e9mie Andr\u00e9 Delvaux a s\u00e9lectionn\u00e9 les 8 films documentaires qui vont concourir aux Magritte du Cin\u00e9ma 2017. Compos\u00e9 de huit membres d\u00e9sign\u00e9s par le CA de l\u2019Acad\u00e9mie Andr\u00e9 Delvaux, ce comit\u00e9 avait pour mission de retenir, parmi la trentaine de titres r\u00e9pondant aux conditions d\u2019\u00e9ligibilit\u00e9 de cette \u00e9dition, huit films t\u00e9moignant &hellip;"}