{"version":"1.0","provider_name":"We Love Cinema","provider_url":"https:\/\/welovecinema.be\/fr\/","author_name":"Aurore Engelen","author_url":"https:\/\/welovecinema.be\/fr\/author\/aurore-engelen\/","title":"Rencontre avec M\u00e9ryl Fortunat-Rossi et Val\u00e9ry Rosier - We Love Cinema","type":"rich","width":600,"height":338,"html":"<blockquote class=\"wp-embedded-content\" data-secret=\"AOfnmEi7WH\"><a href=\"https:\/\/welovecinema.be\/fr\/rencontre-avec-meryl-fortunat-rossi-et-valery-rosier\/\">Rencontre avec M\u00e9ryl Fortunat-Rossi et Val\u00e9ry Rosier<\/a><\/blockquote><iframe sandbox=\"allow-scripts\" security=\"restricted\" src=\"https:\/\/welovecinema.be\/fr\/rencontre-avec-meryl-fortunat-rossi-et-valery-rosier\/embed\/#?secret=AOfnmEi7WH\" width=\"600\" height=\"338\" title=\"\u00ab\u00a0Rencontre avec M\u00e9ryl Fortunat-Rossi et Val\u00e9ry Rosier\u00a0\u00bb &#8212; We Love Cinema\" data-secret=\"AOfnmEi7WH\" frameborder=\"0\" marginwidth=\"0\" marginheight=\"0\" scrolling=\"no\" class=\"wp-embedded-content\"><\/iframe><script type=\"text\/javascript\">\n\/* <![CDATA[ *\/\n\/*! This file is auto-generated *\/\n!function(d,l){\"use strict\";l.querySelector&&d.addEventListener&&\"undefined\"!=typeof URL&&(d.wp=d.wp||{},d.wp.receiveEmbedMessage||(d.wp.receiveEmbedMessage=function(e){var t=e.data;if((t||t.secret||t.message||t.value)&&!\/[^a-zA-Z0-9]\/.test(t.secret)){for(var s,r,n,a=l.querySelectorAll('iframe[data-secret=\"'+t.secret+'\"]'),o=l.querySelectorAll('blockquote[data-secret=\"'+t.secret+'\"]'),c=new RegExp(\"^https?:$\",\"i\"),i=0;i<o.length;i++)o[i].style.display=\"none\";for(i=0;i<a.length;i++)s=a[i],e.source===s.contentWindow&&(s.removeAttribute(\"style\"),\"height\"===t.message?(1e3<(r=parseInt(t.value,10))?r=1e3:~~r<200&&(r=200),s.height=r):\"link\"===t.message&&(r=new URL(s.getAttribute(\"src\")),n=new URL(t.value),c.test(n.protocol))&&n.host===r.host&&l.activeElement===s&&(d.top.location.href=t.value))}},d.addEventListener(\"message\",d.wp.receiveEmbedMessage,!1),l.addEventListener(\"DOMContentLoaded\",function(){for(var e,t,s=l.querySelectorAll(\"iframe.wp-embedded-content\"),r=0;r<s.length;r++)(t=(e=s[r]).getAttribute(\"data-secret\"))||(t=Math.random().toString(36).substring(2,12),e.src+=\"#?secret=\"+t,e.setAttribute(\"data-secret\",t)),e.contentWindow.postMessage({message:\"ready\",secret:t},\"*\")},!1)))}(window,document);\n\/* ]]> *\/\n<\/script>\n","thumbnail_url":"https:\/\/welovecinema.be\/wp-content\/uploads\/sites\/2\/2018\/07\/IMG_9011.jpg","thumbnail_width":4011,"thumbnail_height":2008,"description":"Avec\u00a0La Grand-Messe, qui sort ce mercredi 1er mai en Belgique, M\u00e9ryl Fortunat-Rossi et Val\u00e9ry Rosier livrent un portrait aussi \u00e9mouvant qu\u2019amusant de ces vacanciers pass\u00e9s ma\u00eetres dans l\u2019art de passer le temps, une poign\u00e9e de fans du Tour de France s\u2019installe sur le bord de la route pour profiter au mieux du (furtif) passage des &hellip;"}