{"version":"1.0","provider_name":"We Love Cinema","provider_url":"https:\/\/welovecinema.be\/fr\/","author_name":"Aurore Engelen","author_url":"https:\/\/welovecinema.be\/fr\/author\/aurore-engelen\/","title":"Rencontre avec l'\u00e9quipe de \"Julie zwijgt\" - We Love Cinema","type":"rich","width":600,"height":338,"html":"<blockquote class=\"wp-embedded-content\" data-secret=\"bxB5e41iHT\"><a href=\"https:\/\/welovecinema.be\/fr\/rencontre-avec-lequipe-de-julie-zwijgt\/\">Rencontre avec l&rsquo;\u00e9quipe de \u00ab\u00a0Julie zwijgt\u00a0\u00bb<\/a><\/blockquote><iframe sandbox=\"allow-scripts\" security=\"restricted\" src=\"https:\/\/welovecinema.be\/fr\/rencontre-avec-lequipe-de-julie-zwijgt\/embed\/#?secret=bxB5e41iHT\" width=\"600\" height=\"338\" title=\"\u00ab\u00a0Rencontre avec l&rsquo;\u00e9quipe de \u00ab\u00a0Julie zwijgt\u00a0\u00bb\u00a0\u00bb &#8212; We Love Cinema\" data-secret=\"bxB5e41iHT\" frameborder=\"0\" marginwidth=\"0\" marginheight=\"0\" scrolling=\"no\" class=\"wp-embedded-content\"><\/iframe><script type=\"text\/javascript\">\n\/* <![CDATA[ *\/\n\/*! This file is auto-generated *\/\n!function(d,l){\"use strict\";l.querySelector&&d.addEventListener&&\"undefined\"!=typeof URL&&(d.wp=d.wp||{},d.wp.receiveEmbedMessage||(d.wp.receiveEmbedMessage=function(e){var t=e.data;if((t||t.secret||t.message||t.value)&&!\/[^a-zA-Z0-9]\/.test(t.secret)){for(var s,r,n,a=l.querySelectorAll('iframe[data-secret=\"'+t.secret+'\"]'),o=l.querySelectorAll('blockquote[data-secret=\"'+t.secret+'\"]'),c=new RegExp(\"^https?:$\",\"i\"),i=0;i<o.length;i++)o[i].style.display=\"none\";for(i=0;i<a.length;i++)s=a[i],e.source===s.contentWindow&&(s.removeAttribute(\"style\"),\"height\"===t.message?(1e3<(r=parseInt(t.value,10))?r=1e3:~~r<200&&(r=200),s.height=r):\"link\"===t.message&&(r=new URL(s.getAttribute(\"src\")),n=new URL(t.value),c.test(n.protocol))&&n.host===r.host&&l.activeElement===s&&(d.top.location.href=t.value))}},d.addEventListener(\"message\",d.wp.receiveEmbedMessage,!1),l.addEventListener(\"DOMContentLoaded\",function(){for(var e,t,s=l.querySelectorAll(\"iframe.wp-embedded-content\"),r=0;r<s.length;r++)(t=(e=s[r]).getAttribute(\"data-secret\"))||(t=Math.random().toString(36).substring(2,12),e.src+=\"#?secret=\"+t,e.setAttribute(\"data-secret\",t)),e.contentWindow.postMessage({message:\"ready\",secret:t},\"*\")},!1)))}(window,document);\n\/* ]]> *\/\n<\/script>\n","thumbnail_url":"https:\/\/welovecinema.be\/wp-content\/uploads\/sites\/2\/2024\/05\/Leonardo-van-dijl-tessa-van-den-broeck.jpg","thumbnail_width":1200,"thumbnail_height":600,"description":"Ce samedi avait lieu la premi\u00e8re mondiale du premier long m\u00e9trage de Leonardo van Dijl, Julie zwijgt, pr\u00e9sent\u00e9 en Comp\u00e9titon \u00e0 la Semaine de la Critique. Une projection charg\u00e9e en \u00e9motion, en applaudissements, et bien s\u00fbr, en larmes &#8211; de joie et d&rsquo;\u00e9motion. A l&rsquo;issue de la s\u00e9ance, on a pu croiser l&rsquo;\u00e9quipe du film, &hellip;"}