{"version":"1.0","provider_name":"We Love Cinema","provider_url":"https:\/\/welovecinema.be\/fr\/","author_name":"Philippe.Pierquin","author_url":"https:\/\/welovecinema.be\/fr\/author\/philippe-pierquin\/","title":"Les premiers, les derniers \u00e0 Berlin, Bouli r\u00e9agit - We Love Cinema","type":"rich","width":600,"height":338,"html":"<blockquote class=\"wp-embedded-content\" data-secret=\"NRe4zJttmU\"><a href=\"https:\/\/welovecinema.be\/fr\/les-premiers-les-derniers-a-berlin-bouli-reagit\/\">Les premiers, les derniers \u00e0 Berlin, Bouli r\u00e9agit<\/a><\/blockquote><iframe sandbox=\"allow-scripts\" security=\"restricted\" src=\"https:\/\/welovecinema.be\/fr\/les-premiers-les-derniers-a-berlin-bouli-reagit\/embed\/#?secret=NRe4zJttmU\" width=\"600\" height=\"338\" title=\"\u00ab\u00a0Les premiers, les derniers \u00e0 Berlin, Bouli r\u00e9agit\u00a0\u00bb &#8212; We Love Cinema\" data-secret=\"NRe4zJttmU\" frameborder=\"0\" marginwidth=\"0\" marginheight=\"0\" scrolling=\"no\" class=\"wp-embedded-content\"><\/iframe><script type=\"text\/javascript\">\n\/* <![CDATA[ *\/\n\/*! This file is auto-generated *\/\n!function(d,l){\"use strict\";l.querySelector&&d.addEventListener&&\"undefined\"!=typeof URL&&(d.wp=d.wp||{},d.wp.receiveEmbedMessage||(d.wp.receiveEmbedMessage=function(e){var t=e.data;if((t||t.secret||t.message||t.value)&&!\/[^a-zA-Z0-9]\/.test(t.secret)){for(var s,r,n,a=l.querySelectorAll('iframe[data-secret=\"'+t.secret+'\"]'),o=l.querySelectorAll('blockquote[data-secret=\"'+t.secret+'\"]'),c=new RegExp(\"^https?:$\",\"i\"),i=0;i<o.length;i++)o[i].style.display=\"none\";for(i=0;i<a.length;i++)s=a[i],e.source===s.contentWindow&&(s.removeAttribute(\"style\"),\"height\"===t.message?(1e3<(r=parseInt(t.value,10))?r=1e3:~~r<200&&(r=200),s.height=r):\"link\"===t.message&&(r=new URL(s.getAttribute(\"src\")),n=new URL(t.value),c.test(n.protocol))&&n.host===r.host&&l.activeElement===s&&(d.top.location.href=t.value))}},d.addEventListener(\"message\",d.wp.receiveEmbedMessage,!1),l.addEventListener(\"DOMContentLoaded\",function(){for(var e,t,s=l.querySelectorAll(\"iframe.wp-embedded-content\"),r=0;r<s.length;r++)(t=(e=s[r]).getAttribute(\"data-secret\"))||(t=Math.random().toString(36).substring(2,12),e.src+=\"#?secret=\"+t,e.setAttribute(\"data-secret\",t)),e.contentWindow.postMessage({message:\"ready\",secret:t},\"*\")},!1)))}(window,document);\n\/* ]]> *\/\n<\/script>\n","thumbnail_url":"https:\/\/welovecinema.be\/wp-content\/uploads\/sites\/2\/2015\/12\/2015-12-17_14h24_15.jpg","thumbnail_width":1266,"thumbnail_height":670,"description":"Quatri\u00e8me long m\u00e9trage de Bouli Lanners, Les premiers les derniers est s\u00e9lectionn\u00e9 dans la prestigieuse section Panorama au 66e Festival International du Film de Berlin qui se d\u00e9roulera du 11 au 21 f\u00e9vrier 2016. Cette s\u00e9lection marque le retour du cin\u00e9aste belge \u00e0 Berlin o\u00f9 il avait d\u00e9j\u00e0 pr\u00e9sent\u00e9 son premier long m\u00e9trage Ultranova en &hellip;"}