{"version":"1.0","provider_name":"We Love Cinema","provider_url":"https:\/\/welovecinema.be\/fr\/","author_name":"Philippe.Pierquin","author_url":"https:\/\/welovecinema.be\/fr\/author\/philippe-pierquin\/","title":"38 courts belges \u00e0 Paris : comp\u00e9tition ouverte ! - We Love Cinema","type":"rich","width":600,"height":338,"html":"<blockquote class=\"wp-embedded-content\" data-secret=\"Kl45BbRupr\"><a href=\"https:\/\/welovecinema.be\/fr\/le-court-en-dit-long-2014\/\">38 courts belges \u00e0 Paris : comp\u00e9tition ouverte !<\/a><\/blockquote><iframe sandbox=\"allow-scripts\" security=\"restricted\" src=\"https:\/\/welovecinema.be\/fr\/le-court-en-dit-long-2014\/embed\/#?secret=Kl45BbRupr\" width=\"600\" height=\"338\" title=\"\u00ab\u00a038 courts belges \u00e0 Paris : comp\u00e9tition ouverte !\u00a0\u00bb &#8212; We Love Cinema\" data-secret=\"Kl45BbRupr\" frameborder=\"0\" marginwidth=\"0\" marginheight=\"0\" scrolling=\"no\" class=\"wp-embedded-content\"><\/iframe><script type=\"text\/javascript\">\n\/* <![CDATA[ *\/\n\/*! This file is auto-generated *\/\n!function(d,l){\"use strict\";l.querySelector&&d.addEventListener&&\"undefined\"!=typeof URL&&(d.wp=d.wp||{},d.wp.receiveEmbedMessage||(d.wp.receiveEmbedMessage=function(e){var t=e.data;if((t||t.secret||t.message||t.value)&&!\/[^a-zA-Z0-9]\/.test(t.secret)){for(var s,r,n,a=l.querySelectorAll('iframe[data-secret=\"'+t.secret+'\"]'),o=l.querySelectorAll('blockquote[data-secret=\"'+t.secret+'\"]'),c=new RegExp(\"^https?:$\",\"i\"),i=0;i<o.length;i++)o[i].style.display=\"none\";for(i=0;i<a.length;i++)s=a[i],e.source===s.contentWindow&&(s.removeAttribute(\"style\"),\"height\"===t.message?(1e3<(r=parseInt(t.value,10))?r=1e3:~~r<200&&(r=200),s.height=r):\"link\"===t.message&&(r=new URL(s.getAttribute(\"src\")),n=new URL(t.value),c.test(n.protocol))&&n.host===r.host&&l.activeElement===s&&(d.top.location.href=t.value))}},d.addEventListener(\"message\",d.wp.receiveEmbedMessage,!1),l.addEventListener(\"DOMContentLoaded\",function(){for(var e,t,s=l.querySelectorAll(\"iframe.wp-embedded-content\"),r=0;r<s.length;r++)(t=(e=s[r]).getAttribute(\"data-secret\"))||(t=Math.random().toString(36).substring(2,12),e.src+=\"#?secret=\"+t,e.setAttribute(\"data-secret\",t)),e.contentWindow.postMessage({message:\"ready\",secret:t},\"*\")},!1)))}(window,document);\n\/* ]]> *\/\n<\/script>\n","thumbnail_url":"https:\/\/welovecinema.be\/wp-content\/uploads\/sites\/2\/2014\/04\/unnamed1.jpg","thumbnail_width":550,"thumbnail_height":360,"description":"Le Festival \u00ab Le Court en dit Long \u00bb qui se d\u00e9roulera au Centre Wallonie Bruxelles \u00e0 Paris du 2 au 7 juin 2014 pr\u00e9sente dans une formule comp\u00e9titive une s\u00e9rie de courts m\u00e9trages (co)produits en Wallonie et \u00e0 Bruxelles. Pour cette 22e \u00e9dition du festival, 38 courts m\u00e9trages belges francophones ou franco-belges pour la &hellip;"}