{"version":"1.0","provider_name":"We Love Cinema","provider_url":"https:\/\/welovecinema.be\/fr\/","author_name":"Aurore Engelen","author_url":"https:\/\/welovecinema.be\/fr\/author\/aurore-engelen\/","title":"\"L'\u00e2ge m\u00fbr\": com\u00e9die \u00e0 contretemps - We Love Cinema","type":"rich","width":600,"height":338,"html":"<blockquote class=\"wp-embedded-content\" data-secret=\"hyWZZZoCKK\"><a href=\"https:\/\/welovecinema.be\/fr\/lage-mur-comedie-de-la-solitude\/\">\u00ab\u00a0L&rsquo;\u00e2ge m\u00fbr\u00a0\u00bb: com\u00e9die \u00e0 contretemps<\/a><\/blockquote><iframe sandbox=\"allow-scripts\" security=\"restricted\" src=\"https:\/\/welovecinema.be\/fr\/lage-mur-comedie-de-la-solitude\/embed\/#?secret=hyWZZZoCKK\" width=\"600\" height=\"338\" title=\"\u00ab\u00a0\u00ab\u00a0L&rsquo;\u00e2ge m\u00fbr\u00a0\u00bb: com\u00e9die \u00e0 contretemps\u00a0\u00bb &#8212; We Love Cinema\" data-secret=\"hyWZZZoCKK\" frameborder=\"0\" marginwidth=\"0\" marginheight=\"0\" scrolling=\"no\" class=\"wp-embedded-content\"><\/iframe><script type=\"text\/javascript\">\n\/* <![CDATA[ *\/\n\/*! This file is auto-generated *\/\n!function(d,l){\"use strict\";l.querySelector&&d.addEventListener&&\"undefined\"!=typeof URL&&(d.wp=d.wp||{},d.wp.receiveEmbedMessage||(d.wp.receiveEmbedMessage=function(e){var t=e.data;if((t||t.secret||t.message||t.value)&&!\/[^a-zA-Z0-9]\/.test(t.secret)){for(var s,r,n,a=l.querySelectorAll('iframe[data-secret=\"'+t.secret+'\"]'),o=l.querySelectorAll('blockquote[data-secret=\"'+t.secret+'\"]'),c=new RegExp(\"^https?:$\",\"i\"),i=0;i<o.length;i++)o[i].style.display=\"none\";for(i=0;i<a.length;i++)s=a[i],e.source===s.contentWindow&&(s.removeAttribute(\"style\"),\"height\"===t.message?(1e3<(r=parseInt(t.value,10))?r=1e3:~~r<200&&(r=200),s.height=r):\"link\"===t.message&&(r=new URL(s.getAttribute(\"src\")),n=new URL(t.value),c.test(n.protocol))&&n.host===r.host&&l.activeElement===s&&(d.top.location.href=t.value))}},d.addEventListener(\"message\",d.wp.receiveEmbedMessage,!1),l.addEventListener(\"DOMContentLoaded\",function(){for(var e,t,s=l.querySelectorAll(\"iframe.wp-embedded-content\"),r=0;r<s.length;r++)(t=(e=s[r]).getAttribute(\"data-secret\"))||(t=Math.random().toString(36).substring(2,12),e.src+=\"#?secret=\"+t,e.setAttribute(\"data-secret\",t)),e.contentWindow.postMessage({message:\"ready\",secret:t},\"*\")},!1)))}(window,document);\n\/* ]]> *\/\n<\/script>\n","thumbnail_url":"https:\/\/welovecinema.be\/wp-content\/uploads\/sites\/2\/2026\/03\/L-Age-Mur2.jpg","thumbnail_width":1096,"thumbnail_height":582,"description":"Ce mardi 10 mars sera montr\u00e9 en avant-premi\u00e8re et en Comp\u00e9tition internationale au Love International Film Festival de Mons L\u2019\u00e2ge m\u00fbr, com\u00e9die douce-am\u00e8re de Jean-Beno\u00eet Ugeux sur un n\u00e9o-cinquantenaire qui se cogne \u00e0 l\u2019\u00e9poque et aux autres.\u00a0 L\u2019\u00e2ge m\u00fbr dresse le portrait \u00e0 la fois d\u00e9licat et sans concession de Ludovic, un architecte tout juste &hellip;"}