{"version":"1.0","provider_name":"We Love Cinema","provider_url":"https:\/\/welovecinema.be\/fr\/","author_name":"Philippe.Pierquin","author_url":"https:\/\/welovecinema.be\/fr\/author\/philippe-pierquin\/","title":"La T\u00eate la Premi\u00e8re : ACID am\u00e9lin\u00e9 - We Love Cinema","type":"rich","width":600,"height":338,"html":"<blockquote class=\"wp-embedded-content\" data-secret=\"afy9I01rvS\"><a href=\"https:\/\/welovecinema.be\/fr\/la-tete-la-premiere-acid-ameline\/\">La T\u00eate la Premi\u00e8re : ACID am\u00e9lin\u00e9<\/a><\/blockquote><iframe sandbox=\"allow-scripts\" security=\"restricted\" src=\"https:\/\/welovecinema.be\/fr\/la-tete-la-premiere-acid-ameline\/embed\/#?secret=afy9I01rvS\" width=\"600\" height=\"338\" title=\"\u00ab\u00a0La T\u00eate la Premi\u00e8re : ACID am\u00e9lin\u00e9\u00a0\u00bb &#8212; We Love Cinema\" data-secret=\"afy9I01rvS\" frameborder=\"0\" marginwidth=\"0\" marginheight=\"0\" scrolling=\"no\" class=\"wp-embedded-content\"><\/iframe><script type=\"text\/javascript\">\n\/* <![CDATA[ *\/\n\/*! This file is auto-generated *\/\n!function(d,l){\"use strict\";l.querySelector&&d.addEventListener&&\"undefined\"!=typeof URL&&(d.wp=d.wp||{},d.wp.receiveEmbedMessage||(d.wp.receiveEmbedMessage=function(e){var t=e.data;if((t||t.secret||t.message||t.value)&&!\/[^a-zA-Z0-9]\/.test(t.secret)){for(var s,r,n,a=l.querySelectorAll('iframe[data-secret=\"'+t.secret+'\"]'),o=l.querySelectorAll('blockquote[data-secret=\"'+t.secret+'\"]'),c=new RegExp(\"^https?:$\",\"i\"),i=0;i<o.length;i++)o[i].style.display=\"none\";for(i=0;i<a.length;i++)s=a[i],e.source===s.contentWindow&&(s.removeAttribute(\"style\"),\"height\"===t.message?(1e3<(r=parseInt(t.value,10))?r=1e3:~~r<200&&(r=200),s.height=r):\"link\"===t.message&&(r=new URL(s.getAttribute(\"src\")),n=new URL(t.value),c.test(n.protocol))&&n.host===r.host&&l.activeElement===s&&(d.top.location.href=t.value))}},d.addEventListener(\"message\",d.wp.receiveEmbedMessage,!1),l.addEventListener(\"DOMContentLoaded\",function(){for(var e,t,s=l.querySelectorAll(\"iframe.wp-embedded-content\"),r=0;r<s.length;r++)(t=(e=s[r]).getAttribute(\"data-secret\"))||(t=Math.random().toString(36).substring(2,12),e.src+=\"#?secret=\"+t,e.setAttribute(\"data-secret\",t)),e.contentWindow.postMessage({message:\"ready\",secret:t},\"*\")},!1)))}(window,document);\n\/* ]]> *\/\n<\/script>\n","thumbnail_url":"https:\/\/welovecinema.be\/wp-content\/uploads\/sites\/2\/2012\/05\/525025_371742052880595_367452093309591_880747_543473604_n.jpg","thumbnail_width":"960","thumbnail_height":"720","description":"Le Festival de Cannes est une hydre aux multiples t\u00eates. Il y a la S\u00e9lection Officielle qui abrite la comp\u00e9tition, les films hors comp\u00e9tition et Un Certain regard. Mais aussi La Quinzaine des R\u00e9alisateurs ou la Semaine de la Critique, les sections annexes les plus fameuses. Depuis cette ann\u00e9e, le public belge a fait connaissance &hellip;"}