{"version":"1.0","provider_name":"We Love Cinema","provider_url":"https:\/\/welovecinema.be\/fr\/","author_name":"Philippe.Pierquin","author_url":"https:\/\/welovecinema.be\/fr\/author\/philippe-pierquin\/","title":"La Journ\u00e9e li\u00e9geoise du Cin\u00e9ma  - We Love Cinema","type":"rich","width":600,"height":338,"html":"<blockquote class=\"wp-embedded-content\" data-secret=\"k5CGE2R9xa\"><a href=\"https:\/\/welovecinema.be\/fr\/la-journee-liegeoise-du-cinema\/\">La Journ\u00e9e li\u00e9geoise du Cin\u00e9ma<\/a><\/blockquote><iframe sandbox=\"allow-scripts\" security=\"restricted\" src=\"https:\/\/welovecinema.be\/fr\/la-journee-liegeoise-du-cinema\/embed\/#?secret=k5CGE2R9xa\" width=\"600\" height=\"338\" title=\"\u00ab\u00a0La Journ\u00e9e li\u00e9geoise du Cin\u00e9ma\u00a0\u00bb &#8212; We Love Cinema\" data-secret=\"k5CGE2R9xa\" frameborder=\"0\" marginwidth=\"0\" marginheight=\"0\" scrolling=\"no\" class=\"wp-embedded-content\"><\/iframe><script type=\"text\/javascript\">\n\/* <![CDATA[ *\/\n\/*! This file is auto-generated *\/\n!function(d,l){\"use strict\";l.querySelector&&d.addEventListener&&\"undefined\"!=typeof URL&&(d.wp=d.wp||{},d.wp.receiveEmbedMessage||(d.wp.receiveEmbedMessage=function(e){var t=e.data;if((t||t.secret||t.message||t.value)&&!\/[^a-zA-Z0-9]\/.test(t.secret)){for(var s,r,n,a=l.querySelectorAll('iframe[data-secret=\"'+t.secret+'\"]'),o=l.querySelectorAll('blockquote[data-secret=\"'+t.secret+'\"]'),c=new RegExp(\"^https?:$\",\"i\"),i=0;i<o.length;i++)o[i].style.display=\"none\";for(i=0;i<a.length;i++)s=a[i],e.source===s.contentWindow&&(s.removeAttribute(\"style\"),\"height\"===t.message?(1e3<(r=parseInt(t.value,10))?r=1e3:~~r<200&&(r=200),s.height=r):\"link\"===t.message&&(r=new URL(s.getAttribute(\"src\")),n=new URL(t.value),c.test(n.protocol))&&n.host===r.host&&l.activeElement===s&&(d.top.location.href=t.value))}},d.addEventListener(\"message\",d.wp.receiveEmbedMessage,!1),l.addEventListener(\"DOMContentLoaded\",function(){for(var e,t,s=l.querySelectorAll(\"iframe.wp-embedded-content\"),r=0;r<s.length;r++)(t=(e=s[r]).getAttribute(\"data-secret\"))||(t=Math.random().toString(36).substring(2,12),e.src+=\"#?secret=\"+t,e.setAttribute(\"data-secret\",t)),e.contentWindow.postMessage({message:\"ready\",secret:t},\"*\")},!1)))}(window,document);\n\/* ]]> *\/\n<\/script>\n","thumbnail_url":"https:\/\/welovecinema.be\/wp-content\/uploads\/sites\/2\/2012\/11\/539274_10150876667340443_1796690195_n.jpg","thumbnail_width":"768","thumbnail_height":"768","description":"Pour sa deuxi\u00e8me \u00e9dition, La Journ\u00e9e du Cin\u00e9ma organis\u00e9e par CLAP ! propose le 21 novembre au cin\u00e9ma Sauveni\u00e8re une rencontre \u00e9tonnante avec deux ing\u00e9nieurs du son de talent qui ont beaucoup de choses \u00e0 raconter sur leur m\u00e9tier et les cin\u00e9astes avec qui ils ont travaill\u00e9, mais aussi sur leur collaboration sur les films &hellip;"}