{"version":"1.0","provider_name":"We Love Cinema","provider_url":"https:\/\/welovecinema.be\/fr\/","author_name":"Philippe.Pierquin","author_url":"https:\/\/welovecinema.be\/fr\/author\/philippe-pierquin\/","title":"J\u00e9r\u00e9mie Renier et Bouli Lanners dans La Confr\u00e9rie des Larmes - We Love Cinema","type":"rich","width":600,"height":338,"html":"<blockquote class=\"wp-embedded-content\" data-secret=\"nWhDkes4Yu\"><a href=\"https:\/\/welovecinema.be\/fr\/jeremie-renier-bouli-lanners-confrerie-larmes\/\">J\u00e9r\u00e9mie Renier et Bouli Lanners dans La Confr\u00e9rie des Larmes<\/a><\/blockquote><iframe sandbox=\"allow-scripts\" security=\"restricted\" src=\"https:\/\/welovecinema.be\/fr\/jeremie-renier-bouli-lanners-confrerie-larmes\/embed\/#?secret=nWhDkes4Yu\" width=\"600\" height=\"338\" title=\"\u00ab\u00a0J\u00e9r\u00e9mie Renier et Bouli Lanners dans La Confr\u00e9rie des Larmes\u00a0\u00bb &#8212; We Love Cinema\" data-secret=\"nWhDkes4Yu\" frameborder=\"0\" marginwidth=\"0\" marginheight=\"0\" scrolling=\"no\" class=\"wp-embedded-content\"><\/iframe><script type=\"text\/javascript\">\n\/* <![CDATA[ *\/\n\/*! This file is auto-generated *\/\n!function(d,l){\"use strict\";l.querySelector&&d.addEventListener&&\"undefined\"!=typeof URL&&(d.wp=d.wp||{},d.wp.receiveEmbedMessage||(d.wp.receiveEmbedMessage=function(e){var t=e.data;if((t||t.secret||t.message||t.value)&&!\/[^a-zA-Z0-9]\/.test(t.secret)){for(var s,r,n,a=l.querySelectorAll('iframe[data-secret=\"'+t.secret+'\"]'),o=l.querySelectorAll('blockquote[data-secret=\"'+t.secret+'\"]'),c=new RegExp(\"^https?:$\",\"i\"),i=0;i<o.length;i++)o[i].style.display=\"none\";for(i=0;i<a.length;i++)s=a[i],e.source===s.contentWindow&&(s.removeAttribute(\"style\"),\"height\"===t.message?(1e3<(r=parseInt(t.value,10))?r=1e3:~~r<200&&(r=200),s.height=r):\"link\"===t.message&&(r=new URL(s.getAttribute(\"src\")),n=new URL(t.value),c.test(n.protocol))&&n.host===r.host&&l.activeElement===s&&(d.top.location.href=t.value))}},d.addEventListener(\"message\",d.wp.receiveEmbedMessage,!1),l.addEventListener(\"DOMContentLoaded\",function(){for(var e,t,s=l.querySelectorAll(\"iframe.wp-embedded-content\"),r=0;r<s.length;r++)(t=(e=s[r]).getAttribute(\"data-secret\"))||(t=Math.random().toString(36).substring(2,12),e.src+=\"#?secret=\"+t,e.setAttribute(\"data-secret\",t)),e.contentWindow.postMessage({message:\"ready\",secret:t},\"*\")},!1)))}(window,document);\n\/* ]]> *\/\n<\/script>\n","thumbnail_url":"https:\/\/welovecinema.be\/wp-content\/uploads\/sites\/2\/2013\/10\/la-confr\u00e9rie-des-larmes-j\u00e9r\u00e9mie-renier-teaser-bande-annonce-film-620x350.jpg","thumbnail_width":960,"thumbnail_height":540,"description":"\u00c0 Paris, Gabriel, la trentaine, \u00e9l\u00e8ve seul sa fille Juliette. Ancien flic retir\u00e9 des affaires suite \u00e0 un drame personnel, l\u2019homme a du mal \u00e0 joindre les deux bouts. Un jour, une ancienne connaissance lui propose un travail bien r\u00e9mun\u00e9r\u00e9. S\u2019il accepte le march\u00e9, Gabriel doit livrer des mallettes \u00e0 travers le monde pour des &hellip;"}