{"version":"1.0","provider_name":"We Love Cinema","provider_url":"https:\/\/welovecinema.be\/fr\/","author_name":"Aurore Engelen","author_url":"https:\/\/welovecinema.be\/fr\/author\/aurore-engelen\/","title":"\"Invisible\", s\u00e9rie fantastique et existentielle - We Love Cinema","type":"rich","width":600,"height":338,"html":"<blockquote class=\"wp-embedded-content\" data-secret=\"aV5DlaWeq7\"><a href=\"https:\/\/welovecinema.be\/fr\/invisible-serie-fantastique-et-existentielle\/\">\u00ab\u00a0Invisible\u00a0\u00bb, s\u00e9rie fantastique et existentielle<\/a><\/blockquote><iframe sandbox=\"allow-scripts\" security=\"restricted\" src=\"https:\/\/welovecinema.be\/fr\/invisible-serie-fantastique-et-existentielle\/embed\/#?secret=aV5DlaWeq7\" width=\"600\" height=\"338\" title=\"\u00ab\u00a0\u00ab\u00a0Invisible\u00a0\u00bb, s\u00e9rie fantastique et existentielle\u00a0\u00bb &#8212; We Love Cinema\" data-secret=\"aV5DlaWeq7\" frameborder=\"0\" marginwidth=\"0\" marginheight=\"0\" scrolling=\"no\" class=\"wp-embedded-content\"><\/iframe><script type=\"text\/javascript\">\n\/* <![CDATA[ *\/\n\/*! This file is auto-generated *\/\n!function(d,l){\"use strict\";l.querySelector&&d.addEventListener&&\"undefined\"!=typeof URL&&(d.wp=d.wp||{},d.wp.receiveEmbedMessage||(d.wp.receiveEmbedMessage=function(e){var t=e.data;if((t||t.secret||t.message||t.value)&&!\/[^a-zA-Z0-9]\/.test(t.secret)){for(var s,r,n,a=l.querySelectorAll('iframe[data-secret=\"'+t.secret+'\"]'),o=l.querySelectorAll('blockquote[data-secret=\"'+t.secret+'\"]'),c=new RegExp(\"^https?:$\",\"i\"),i=0;i<o.length;i++)o[i].style.display=\"none\";for(i=0;i<a.length;i++)s=a[i],e.source===s.contentWindow&&(s.removeAttribute(\"style\"),\"height\"===t.message?(1e3<(r=parseInt(t.value,10))?r=1e3:~~r<200&&(r=200),s.height=r):\"link\"===t.message&&(r=new URL(s.getAttribute(\"src\")),n=new URL(t.value),c.test(n.protocol))&&n.host===r.host&&l.activeElement===s&&(d.top.location.href=t.value))}},d.addEventListener(\"message\",d.wp.receiveEmbedMessage,!1),l.addEventListener(\"DOMContentLoaded\",function(){for(var e,t,s=l.querySelectorAll(\"iframe.wp-embedded-content\"),r=0;r<s.length;r++)(t=(e=s[r]).getAttribute(\"data-secret\"))||(t=Math.random().toString(36).substring(2,12),e.src+=\"#?secret=\"+t,e.setAttribute(\"data-secret\",t)),e.contentWindow.postMessage({message:\"ready\",secret:t},\"*\")},!1)))}(window,document);\n\/* ]]> *\/\n<\/script>\n","thumbnail_url":"https:\/\/welovecinema.be\/wp-content\/uploads\/sites\/2\/2020\/11\/BannerInvisible.jpg","thumbnail_width":2048,"thumbnail_height":1024,"description":"Pr\u00e9parez-vous \u00e0 \u00eatre surpris\u00b7e! C&rsquo;est ce dimanche que d\u00e9barque sur vos petits \u00e9crans Invisible, la nouvelle s\u00e9rie fantastique (\u00e0 tous les \u00e9gards) de la RTBF. En effet, avec Invisible, la cha\u00eene aborde de nouveaux territoires, aussi bien de fiction que de tournage. Exit les Ardennes et Bruxelles, Invisible nous entra\u00eene \u00e0 Creux, petite ville belge &hellip;"}