{"version":"1.0","provider_name":"We Love Cinema","provider_url":"https:\/\/welovecinema.be\/fr\/","author_name":"Philippe.Pierquin","author_url":"https:\/\/welovecinema.be\/fr\/author\/philippe-pierquin\/","title":"En bas des marches [le troisi\u00e8me oeil] - We Love Cinema","type":"rich","width":600,"height":338,"html":"<blockquote class=\"wp-embedded-content\" data-secret=\"wc0LG3ebzq\"><a href=\"https:\/\/welovecinema.be\/fr\/en-bas-des-marches-le-troisieme-oeil\/\">En bas des marches [le troisi\u00e8me oeil]<\/a><\/blockquote><iframe sandbox=\"allow-scripts\" security=\"restricted\" src=\"https:\/\/welovecinema.be\/fr\/en-bas-des-marches-le-troisieme-oeil\/embed\/#?secret=wc0LG3ebzq\" width=\"600\" height=\"338\" title=\"\u00ab\u00a0En bas des marches [le troisi\u00e8me oeil]\u00a0\u00bb &#8212; We Love Cinema\" data-secret=\"wc0LG3ebzq\" frameborder=\"0\" marginwidth=\"0\" marginheight=\"0\" scrolling=\"no\" class=\"wp-embedded-content\"><\/iframe><script type=\"text\/javascript\">\n\/* <![CDATA[ *\/\n\/*! This file is auto-generated *\/\n!function(d,l){\"use strict\";l.querySelector&&d.addEventListener&&\"undefined\"!=typeof URL&&(d.wp=d.wp||{},d.wp.receiveEmbedMessage||(d.wp.receiveEmbedMessage=function(e){var t=e.data;if((t||t.secret||t.message||t.value)&&!\/[^a-zA-Z0-9]\/.test(t.secret)){for(var s,r,n,a=l.querySelectorAll('iframe[data-secret=\"'+t.secret+'\"]'),o=l.querySelectorAll('blockquote[data-secret=\"'+t.secret+'\"]'),c=new RegExp(\"^https?:$\",\"i\"),i=0;i<o.length;i++)o[i].style.display=\"none\";for(i=0;i<a.length;i++)s=a[i],e.source===s.contentWindow&&(s.removeAttribute(\"style\"),\"height\"===t.message?(1e3<(r=parseInt(t.value,10))?r=1e3:~~r<200&&(r=200),s.height=r):\"link\"===t.message&&(r=new URL(s.getAttribute(\"src\")),n=new URL(t.value),c.test(n.protocol))&&n.host===r.host&&l.activeElement===s&&(d.top.location.href=t.value))}},d.addEventListener(\"message\",d.wp.receiveEmbedMessage,!1),l.addEventListener(\"DOMContentLoaded\",function(){for(var e,t,s=l.querySelectorAll(\"iframe.wp-embedded-content\"),r=0;r<s.length;r++)(t=(e=s[r]).getAttribute(\"data-secret\"))||(t=Math.random().toString(36).substring(2,12),e.src+=\"#?secret=\"+t,e.setAttribute(\"data-secret\",t)),e.contentWindow.postMessage({message:\"ready\",secret:t},\"*\")},!1)))}(window,document);\n\/* ]]> *\/\n<\/script>\n","thumbnail_url":"https:\/\/welovecinema.be\/wp-content\/uploads\/sites\/2\/2014\/02\/IMG_9916.jpg","thumbnail_width":1024,"thumbnail_height":683,"description":"En bas des marches bleues du Mont des Arts, le troisi\u00e8me homme, le troisi\u00e8me \u0153il, traquait les visages dans un troisi\u00e8me axe. Id\u00e9al pour d\u00e9nicher dans la foule souvent dense des personnalit\u00e9s qui filent ou se d\u00e9filent. Id\u00e9al aussi pour trouver un cadrage diff\u00e9rent. &nbsp; Voici donc le troisi\u00e8me et avant-dernier volet de notre grand &hellip;"}