{"version":"1.0","provider_name":"We Love Cinema","provider_url":"https:\/\/welovecinema.be\/fr\/","author_name":"Philippe.Pierquin","author_url":"https:\/\/welovecinema.be\/fr\/author\/philippe-pierquin\/","title":"Tout court cr\u00e9e l\u2019\u00e9v\u00e8nement demain sur la Trois - We Love Cinema","type":"rich","width":600,"height":338,"html":"<blockquote class=\"wp-embedded-content\" data-secret=\"BSPZNfU0My\"><a href=\"https:\/\/welovecinema.be\/fr\/court-cree-levenement-demain-sur-la-trois\/\">Tout court cr\u00e9e l\u2019\u00e9v\u00e8nement demain sur la Trois<\/a><\/blockquote><iframe sandbox=\"allow-scripts\" security=\"restricted\" src=\"https:\/\/welovecinema.be\/fr\/court-cree-levenement-demain-sur-la-trois\/embed\/#?secret=BSPZNfU0My\" width=\"600\" height=\"338\" title=\"\u00ab\u00a0Tout court cr\u00e9e l\u2019\u00e9v\u00e8nement demain sur la Trois\u00a0\u00bb &#8212; We Love Cinema\" data-secret=\"BSPZNfU0My\" frameborder=\"0\" marginwidth=\"0\" marginheight=\"0\" scrolling=\"no\" class=\"wp-embedded-content\"><\/iframe><script type=\"text\/javascript\">\n\/* <![CDATA[ *\/\n\/*! This file is auto-generated *\/\n!function(d,l){\"use strict\";l.querySelector&&d.addEventListener&&\"undefined\"!=typeof URL&&(d.wp=d.wp||{},d.wp.receiveEmbedMessage||(d.wp.receiveEmbedMessage=function(e){var t=e.data;if((t||t.secret||t.message||t.value)&&!\/[^a-zA-Z0-9]\/.test(t.secret)){for(var s,r,n,a=l.querySelectorAll('iframe[data-secret=\"'+t.secret+'\"]'),o=l.querySelectorAll('blockquote[data-secret=\"'+t.secret+'\"]'),c=new RegExp(\"^https?:$\",\"i\"),i=0;i<o.length;i++)o[i].style.display=\"none\";for(i=0;i<a.length;i++)s=a[i],e.source===s.contentWindow&&(s.removeAttribute(\"style\"),\"height\"===t.message?(1e3<(r=parseInt(t.value,10))?r=1e3:~~r<200&&(r=200),s.height=r):\"link\"===t.message&&(r=new URL(s.getAttribute(\"src\")),n=new URL(t.value),c.test(n.protocol))&&n.host===r.host&&l.activeElement===s&&(d.top.location.href=t.value))}},d.addEventListener(\"message\",d.wp.receiveEmbedMessage,!1),l.addEventListener(\"DOMContentLoaded\",function(){for(var e,t,s=l.querySelectorAll(\"iframe.wp-embedded-content\"),r=0;r<s.length;r++)(t=(e=s[r]).getAttribute(\"data-secret\"))||(t=Math.random().toString(36).substring(2,12),e.src+=\"#?secret=\"+t,e.setAttribute(\"data-secret\",t)),e.contentWindow.postMessage({message:\"ready\",secret:t},\"*\")},!1)))}(window,document);\n\/* ]]> *\/\n<\/script>\n","thumbnail_url":"https:\/\/welovecinema.be\/wp-content\/uploads\/sites\/2\/2010\/04\/1327937432dvs_ws1.jpg","thumbnail_width":4215,"thumbnail_height":2422,"description":"Attention ! \u00c9v\u00e8nement consid\u00e9rable demain sur la Trois dans Tout Court. D\u00e8s 22\u00a0h\u00a030 (miraaaaacle), B\u00e9n\u00e9dicte Bourgois vous pr\u00e9sentera en premi\u00e8re t\u00e9l\u00e9vis\u00e9e Mort d\u2019Une Ombre, alias Dood van een schaduw en flamand, le court m\u00e9trage retenu aux Oscars l\u2019an dernier avec notamment Matthias Schoenaerts et Benjamin Ramon."}