{"version":"1.0","provider_name":"We Love Cinema","provider_url":"https:\/\/welovecinema.be\/fr\/","author_name":"Philippe.Pierquin","author_url":"https:\/\/welovecinema.be\/fr\/author\/philippe-pierquin\/","title":"Containment? Le remake am\u00e9ricain d'une s\u00e9rie... belge ! - We Love Cinema","type":"rich","width":600,"height":338,"html":"<blockquote class=\"wp-embedded-content\" data-secret=\"osHVytnYZy\"><a href=\"https:\/\/welovecinema.be\/fr\/containment-le-remake-americain-dune-serie-belge\/\">Containment? Le remake am\u00e9ricain d&rsquo;une s\u00e9rie&#8230; belge !<\/a><\/blockquote><iframe sandbox=\"allow-scripts\" security=\"restricted\" src=\"https:\/\/welovecinema.be\/fr\/containment-le-remake-americain-dune-serie-belge\/embed\/#?secret=osHVytnYZy\" width=\"600\" height=\"338\" title=\"\u00ab\u00a0Containment? Le remake am\u00e9ricain d&rsquo;une s\u00e9rie&#8230; belge !\u00a0\u00bb &#8212; We Love Cinema\" data-secret=\"osHVytnYZy\" frameborder=\"0\" marginwidth=\"0\" marginheight=\"0\" scrolling=\"no\" class=\"wp-embedded-content\"><\/iframe><script type=\"text\/javascript\">\n\/* <![CDATA[ *\/\n\/*! This file is auto-generated *\/\n!function(d,l){\"use strict\";l.querySelector&&d.addEventListener&&\"undefined\"!=typeof URL&&(d.wp=d.wp||{},d.wp.receiveEmbedMessage||(d.wp.receiveEmbedMessage=function(e){var t=e.data;if((t||t.secret||t.message||t.value)&&!\/[^a-zA-Z0-9]\/.test(t.secret)){for(var s,r,n,a=l.querySelectorAll('iframe[data-secret=\"'+t.secret+'\"]'),o=l.querySelectorAll('blockquote[data-secret=\"'+t.secret+'\"]'),c=new RegExp(\"^https?:$\",\"i\"),i=0;i<o.length;i++)o[i].style.display=\"none\";for(i=0;i<a.length;i++)s=a[i],e.source===s.contentWindow&&(s.removeAttribute(\"style\"),\"height\"===t.message?(1e3<(r=parseInt(t.value,10))?r=1e3:~~r<200&&(r=200),s.height=r):\"link\"===t.message&&(r=new URL(s.getAttribute(\"src\")),n=new URL(t.value),c.test(n.protocol))&&n.host===r.host&&l.activeElement===s&&(d.top.location.href=t.value))}},d.addEventListener(\"message\",d.wp.receiveEmbedMessage,!1),l.addEventListener(\"DOMContentLoaded\",function(){for(var e,t,s=l.querySelectorAll(\"iframe.wp-embedded-content\"),r=0;r<s.length;r++)(t=(e=s[r]).getAttribute(\"data-secret\"))||(t=Math.random().toString(36).substring(2,12),e.src+=\"#?secret=\"+t,e.setAttribute(\"data-secret\",t)),e.contentWindow.postMessage({message:\"ready\",secret:t},\"*\")},!1)))}(window,document);\n\/* ]]> *\/\n<\/script>\n","thumbnail_url":"https:\/\/welovecinema.be\/wp-content\/uploads\/sites\/2\/2015\/06\/2015-06-09_08h05_47.jpg","thumbnail_width":1225,"thumbnail_height":688,"description":"Cr\u00e9\u00e9e par Carl Joos, le sc\u00e9nariste de De Zaak Alzheimer (La m\u00e9moire du tueur), The Broken Circle Breakdown et In Vlaamse Velden, \u00a0s\u00e9rie flamande Cordon nous plongeait dans une ville en quarantaine. Pour pr\u00e9venir la propagation d&rsquo;un virus mortel d&rsquo;origine inconnue, le Minist\u00e8re de la Sant\u00e9 y prenait la d\u00e9cision de condamner un quartier de &hellip;"}