{"version":"1.0","provider_name":"We Love Cinema","provider_url":"https:\/\/welovecinema.be\/fr\/","author_name":"Philippe.Pierquin","author_url":"https:\/\/welovecinema.be\/fr\/author\/philippe-pierquin\/","title":"Cinevox #27 \u2013 Novembre\/D\u00e9cembre 2013 \u2013 Alleluia - La Marche - Concours - We Love Cinema","type":"rich","width":600,"height":338,"html":"<blockquote class=\"wp-embedded-content\" data-secret=\"pEy9Ia7DH3\"><a href=\"https:\/\/welovecinema.be\/fr\/cinevox-27-novembredecembre-2013-alleluia-marche-concours\/\">Cinevox #27 \u2013 Novembre\/D\u00e9cembre 2013 \u2013 Alleluia &#8211; La Marche &#8211; Concours<\/a><\/blockquote><iframe sandbox=\"allow-scripts\" security=\"restricted\" src=\"https:\/\/welovecinema.be\/fr\/cinevox-27-novembredecembre-2013-alleluia-marche-concours\/embed\/#?secret=pEy9Ia7DH3\" width=\"600\" height=\"338\" title=\"\u00ab\u00a0Cinevox #27 \u2013 Novembre\/D\u00e9cembre 2013 \u2013 Alleluia &#8211; La Marche &#8211; Concours\u00a0\u00bb &#8212; We Love Cinema\" data-secret=\"pEy9Ia7DH3\" frameborder=\"0\" marginwidth=\"0\" marginheight=\"0\" scrolling=\"no\" class=\"wp-embedded-content\"><\/iframe><script type=\"text\/javascript\">\n\/* <![CDATA[ *\/\n\/*! This file is auto-generated *\/\n!function(d,l){\"use strict\";l.querySelector&&d.addEventListener&&\"undefined\"!=typeof URL&&(d.wp=d.wp||{},d.wp.receiveEmbedMessage||(d.wp.receiveEmbedMessage=function(e){var t=e.data;if((t||t.secret||t.message||t.value)&&!\/[^a-zA-Z0-9]\/.test(t.secret)){for(var s,r,n,a=l.querySelectorAll('iframe[data-secret=\"'+t.secret+'\"]'),o=l.querySelectorAll('blockquote[data-secret=\"'+t.secret+'\"]'),c=new RegExp(\"^https?:$\",\"i\"),i=0;i<o.length;i++)o[i].style.display=\"none\";for(i=0;i<a.length;i++)s=a[i],e.source===s.contentWindow&&(s.removeAttribute(\"style\"),\"height\"===t.message?(1e3<(r=parseInt(t.value,10))?r=1e3:~~r<200&&(r=200),s.height=r):\"link\"===t.message&&(r=new URL(s.getAttribute(\"src\")),n=new URL(t.value),c.test(n.protocol))&&n.host===r.host&&l.activeElement===s&&(d.top.location.href=t.value))}},d.addEventListener(\"message\",d.wp.receiveEmbedMessage,!1),l.addEventListener(\"DOMContentLoaded\",function(){for(var e,t,s=l.querySelectorAll(\"iframe.wp-embedded-content\"),r=0;r<s.length;r++)(t=(e=s[r]).getAttribute(\"data-secret\"))||(t=Math.random().toString(36).substring(2,12),e.src+=\"#?secret=\"+t,e.setAttribute(\"data-secret\",t)),e.contentWindow.postMessage({message:\"ready\",secret:t},\"*\")},!1)))}(window,document);\n\/* ]]> *\/\n<\/script>\n","thumbnail_url":"https:\/\/welovecinema.be\/wp-content\/uploads\/sites\/2\/2010\/11\/2013-11-18_12h32_00.jpg","thumbnail_width":1783,"thumbnail_height":939,"description":"On ne le r\u00e9p\u00e9tera jamais assez : la r\u00e9cente et massive ouverture du cin\u00e9ma belge francophone \u00e0 des genres \u00ab\u00a0alternatifs\u00a0\u00bb nous semble un des axes essentiels qui pourrait permettre un rapprochement avec le grand public. Cette ann\u00e9e, dans les sept films en course pour le Magritte du Premier Film, quatre sont des com\u00e9dies. Dans un &hellip;"}