{"version":"1.0","provider_name":"We Love Cinema","provider_url":"https:\/\/welovecinema.be\/fr\/","author_name":"Aurore Engelen","author_url":"https:\/\/welovecinema.be\/fr\/author\/aurore-engelen\/","title":"La Caravane du Court, 3\u00e8me! - We Love Cinema","type":"rich","width":600,"height":338,"html":"<blockquote class=\"wp-embedded-content\" data-secret=\"27tREvqoji\"><a href=\"https:\/\/welovecinema.be\/fr\/caravane-court-3eme\/\">La Caravane du Court, 3\u00e8me!<\/a><\/blockquote><iframe sandbox=\"allow-scripts\" security=\"restricted\" src=\"https:\/\/welovecinema.be\/fr\/caravane-court-3eme\/embed\/#?secret=27tREvqoji\" width=\"600\" height=\"338\" title=\"\u00ab\u00a0La Caravane du Court, 3\u00e8me!\u00a0\u00bb &#8212; We Love Cinema\" data-secret=\"27tREvqoji\" frameborder=\"0\" marginwidth=\"0\" marginheight=\"0\" scrolling=\"no\" class=\"wp-embedded-content\"><\/iframe><script type=\"text\/javascript\">\n\/* <![CDATA[ *\/\n\/*! This file is auto-generated *\/\n!function(d,l){\"use strict\";l.querySelector&&d.addEventListener&&\"undefined\"!=typeof URL&&(d.wp=d.wp||{},d.wp.receiveEmbedMessage||(d.wp.receiveEmbedMessage=function(e){var t=e.data;if((t||t.secret||t.message||t.value)&&!\/[^a-zA-Z0-9]\/.test(t.secret)){for(var s,r,n,a=l.querySelectorAll('iframe[data-secret=\"'+t.secret+'\"]'),o=l.querySelectorAll('blockquote[data-secret=\"'+t.secret+'\"]'),c=new RegExp(\"^https?:$\",\"i\"),i=0;i<o.length;i++)o[i].style.display=\"none\";for(i=0;i<a.length;i++)s=a[i],e.source===s.contentWindow&&(s.removeAttribute(\"style\"),\"height\"===t.message?(1e3<(r=parseInt(t.value,10))?r=1e3:~~r<200&&(r=200),s.height=r):\"link\"===t.message&&(r=new URL(s.getAttribute(\"src\")),n=new URL(t.value),c.test(n.protocol))&&n.host===r.host&&l.activeElement===s&&(d.top.location.href=t.value))}},d.addEventListener(\"message\",d.wp.receiveEmbedMessage,!1),l.addEventListener(\"DOMContentLoaded\",function(){for(var e,t,s=l.querySelectorAll(\"iframe.wp-embedded-content\"),r=0;r<s.length;r++)(t=(e=s[r]).getAttribute(\"data-secret\"))||(t=Math.random().toString(36).substring(2,12),e.src+=\"#?secret=\"+t,e.setAttribute(\"data-secret\",t)),e.contentWindow.postMessage({message:\"ready\",secret:t},\"*\")},!1)))}(window,document);\n\/* ]]> *\/\n<\/script>\n","thumbnail_url":"https:\/\/welovecinema.be\/wp-content\/uploads\/sites\/2\/2017\/03\/Caravane.jpeg","thumbnail_width":720,"thumbnail_height":406,"description":"Pour \u00a0\u00a0sa 3\u00e8me\u00a0ann\u00e9e, La Caravane du court, organis\u00e9e par le FIFF Namur, le Bureau d\u2019accueil des tournages CLAP! et les Provinces de Namur, \u00a0Li\u00e8ge \u00a0et Luxembourg, fera probablement halte dans votre r\u00e9gion. Au programme de cette caravane, une projection de 5 courts m\u00e9trages belges, en pr\u00e9sence des r\u00e9alisateurs."}