{"version":"1.0","provider_name":"We Love Cinema","provider_url":"https:\/\/welovecinema.be\/fr\/","author_name":"Aurore Engelen","author_url":"https:\/\/welovecinema.be\/fr\/author\/aurore-engelen\/","title":"Brussels Short Film Festival 2025: le programme belge! - We Love Cinema","type":"rich","width":600,"height":338,"html":"<blockquote class=\"wp-embedded-content\" data-secret=\"cfbPRWBEf8\"><a href=\"https:\/\/welovecinema.be\/fr\/brussels-short-film-festival-2025-le-programme-belge\/\">Brussels Short Film Festival 2025: le programme belge!<\/a><\/blockquote><iframe sandbox=\"allow-scripts\" security=\"restricted\" src=\"https:\/\/welovecinema.be\/fr\/brussels-short-film-festival-2025-le-programme-belge\/embed\/#?secret=cfbPRWBEf8\" width=\"600\" height=\"338\" title=\"\u00ab\u00a0Brussels Short Film Festival 2025: le programme belge!\u00a0\u00bb &#8212; We Love Cinema\" data-secret=\"cfbPRWBEf8\" frameborder=\"0\" marginwidth=\"0\" marginheight=\"0\" scrolling=\"no\" class=\"wp-embedded-content\"><\/iframe><script type=\"text\/javascript\">\n\/* <![CDATA[ *\/\n\/*! This file is auto-generated *\/\n!function(d,l){\"use strict\";l.querySelector&&d.addEventListener&&\"undefined\"!=typeof URL&&(d.wp=d.wp||{},d.wp.receiveEmbedMessage||(d.wp.receiveEmbedMessage=function(e){var t=e.data;if((t||t.secret||t.message||t.value)&&!\/[^a-zA-Z0-9]\/.test(t.secret)){for(var s,r,n,a=l.querySelectorAll('iframe[data-secret=\"'+t.secret+'\"]'),o=l.querySelectorAll('blockquote[data-secret=\"'+t.secret+'\"]'),c=new RegExp(\"^https?:$\",\"i\"),i=0;i<o.length;i++)o[i].style.display=\"none\";for(i=0;i<a.length;i++)s=a[i],e.source===s.contentWindow&&(s.removeAttribute(\"style\"),\"height\"===t.message?(1e3<(r=parseInt(t.value,10))?r=1e3:~~r<200&&(r=200),s.height=r):\"link\"===t.message&&(r=new URL(s.getAttribute(\"src\")),n=new URL(t.value),c.test(n.protocol))&&n.host===r.host&&l.activeElement===s&&(d.top.location.href=t.value))}},d.addEventListener(\"message\",d.wp.receiveEmbedMessage,!1),l.addEventListener(\"DOMContentLoaded\",function(){for(var e,t,s=l.querySelectorAll(\"iframe.wp-embedded-content\"),r=0;r<s.length;r++)(t=(e=s[r]).getAttribute(\"data-secret\"))||(t=Math.random().toString(36).substring(2,12),e.src+=\"#?secret=\"+t,e.setAttribute(\"data-secret\",t)),e.contentWindow.postMessage({message:\"ready\",secret:t},\"*\")},!1)))}(window,document);\n\/* ]]> *\/\n<\/script>\n","thumbnail_url":"https:\/\/welovecinema.be\/wp-content\/uploads\/sites\/2\/2025\/03\/AFFICHE-BSFF-2025_2000x1126-px.jpg","thumbnail_width":2000,"thumbnail_height":1126,"description":"Le Brussels Short Film Festival se tiendra \u00e0 nouveau du 24 avril au 3 mai prochains \u00e0 Bruxelles! Le court m\u00e9trage est tout \u00e0 la fois un r\u00e9servoir in\u00e9puisable \u00e0 histoires et \u00e0 \u00e9motions, un espace de cr\u00e9ation lib\u00e9r\u00e9s de nombreuses contraintes, un lieu d\u2019exp\u00e9rimentation, et un poste d\u2019observation privil\u00e9gi\u00e9 des talents de demain. Cr\u00e9\u00e9 &hellip;"}