{"version":"1.0","provider_name":"We Love Cinema","provider_url":"https:\/\/welovecinema.be\/fr\/","author_name":"Aurore Engelen","author_url":"https:\/\/welovecinema.be\/fr\/author\/aurore-engelen\/","title":"BRIFF 2023: Philippe Van Leeuw, \"The Wall\" - We Love Cinema","type":"rich","width":600,"height":338,"html":"<blockquote class=\"wp-embedded-content\" data-secret=\"aoFeNCa7Go\"><a href=\"https:\/\/welovecinema.be\/fr\/briff-2023-philippe-van-leeuw-the-wall\/\">BRIFF 2023: Philippe Van Leeuw, \u00ab\u00a0The Wall\u00a0\u00bb<\/a><\/blockquote><iframe sandbox=\"allow-scripts\" security=\"restricted\" src=\"https:\/\/welovecinema.be\/fr\/briff-2023-philippe-van-leeuw-the-wall\/embed\/#?secret=aoFeNCa7Go\" width=\"600\" height=\"338\" title=\"\u00ab\u00a0BRIFF 2023: Philippe Van Leeuw, \u00ab\u00a0The Wall\u00a0\u00bb\u00a0\u00bb &#8212; We Love Cinema\" data-secret=\"aoFeNCa7Go\" frameborder=\"0\" marginwidth=\"0\" marginheight=\"0\" scrolling=\"no\" class=\"wp-embedded-content\"><\/iframe><script>\n\/*! This file is auto-generated *\/\n!function(d,l){\"use strict\";l.querySelector&&d.addEventListener&&\"undefined\"!=typeof URL&&(d.wp=d.wp||{},d.wp.receiveEmbedMessage||(d.wp.receiveEmbedMessage=function(e){var t=e.data;if((t||t.secret||t.message||t.value)&&!\/[^a-zA-Z0-9]\/.test(t.secret)){for(var s,r,n,a=l.querySelectorAll('iframe[data-secret=\"'+t.secret+'\"]'),o=l.querySelectorAll('blockquote[data-secret=\"'+t.secret+'\"]'),c=new RegExp(\"^https?:$\",\"i\"),i=0;i<o.length;i++)o[i].style.display=\"none\";for(i=0;i<a.length;i++)s=a[i],e.source===s.contentWindow&&(s.removeAttribute(\"style\"),\"height\"===t.message?(1e3<(r=parseInt(t.value,10))?r=1e3:~~r<200&&(r=200),s.height=r):\"link\"===t.message&&(r=new URL(s.getAttribute(\"src\")),n=new URL(t.value),c.test(n.protocol))&&n.host===r.host&&l.activeElement===s&&(d.top.location.href=t.value))}},d.addEventListener(\"message\",d.wp.receiveEmbedMessage,!1),l.addEventListener(\"DOMContentLoaded\",function(){for(var e,t,s=l.querySelectorAll(\"iframe.wp-embedded-content\"),r=0;r<s.length;r++)(t=(e=s[r]).getAttribute(\"data-secret\"))||(t=Math.random().toString(36).substring(2,12),e.src+=\"#?secret=\"+t,e.setAttribute(\"data-secret\",t)),e.contentWindow.postMessage({message:\"ready\",secret:t},\"*\")},!1)))}(window,document);\n\/\/# sourceURL=https:\/\/welovecinema.be\/wp-includes\/js\/wp-embed.min.js\n<\/script>\n","thumbnail_url":"https:\/\/welovecinema.be\/wp-content\/uploads\/sites\/2\/2023\/07\/Philippe-Van-Leeuw-scaled.jpg","thumbnail_width":2560,"thumbnail_height":1920,"description":"Rencontre avec le cin\u00e9aste belge Philippe van Leeuw (Insyriated, Le jour o\u00f9 Dieu est parti en voyage) qui nous parle de The Wall, son nouveau long m\u00e9trage, pr\u00e9sent\u00e9 en Comp\u00e9tition Nationale et en premi\u00e8re mondiale au Brussels International Film Festival, avec la com\u00e9dienne Vicky Krieps dans le r\u00f4le principal."}