{"version":"1.0","provider_name":"We Love Cinema","provider_url":"https:\/\/welovecinema.be\/fr\/","author_name":"Aurore Engelen","author_url":"https:\/\/welovecinema.be\/fr\/author\/aurore-engelen\/","title":"\"Augure\" en S\u00e9lection officielle \u00e0 Cannes! - We Love Cinema","type":"rich","width":600,"height":338,"html":"<blockquote class=\"wp-embedded-content\" data-secret=\"lwuZupl6gX\"><a href=\"https:\/\/welovecinema.be\/fr\/augure-en-selection-officielle-a-cannes\/\">\u00ab\u00a0Augure\u00a0\u00bb en S\u00e9lection officielle \u00e0 Cannes!<\/a><\/blockquote><iframe sandbox=\"allow-scripts\" security=\"restricted\" src=\"https:\/\/welovecinema.be\/fr\/augure-en-selection-officielle-a-cannes\/embed\/#?secret=lwuZupl6gX\" width=\"600\" height=\"338\" title=\"\u00ab\u00a0\u00ab\u00a0Augure\u00a0\u00bb en S\u00e9lection officielle \u00e0 Cannes!\u00a0\u00bb &#8212; We Love Cinema\" data-secret=\"lwuZupl6gX\" frameborder=\"0\" marginwidth=\"0\" marginheight=\"0\" scrolling=\"no\" class=\"wp-embedded-content\"><\/iframe><script type=\"text\/javascript\">\n\/* <![CDATA[ *\/\n\/*! This file is auto-generated *\/\n!function(d,l){\"use strict\";l.querySelector&&d.addEventListener&&\"undefined\"!=typeof URL&&(d.wp=d.wp||{},d.wp.receiveEmbedMessage||(d.wp.receiveEmbedMessage=function(e){var t=e.data;if((t||t.secret||t.message||t.value)&&!\/[^a-zA-Z0-9]\/.test(t.secret)){for(var s,r,n,a=l.querySelectorAll('iframe[data-secret=\"'+t.secret+'\"]'),o=l.querySelectorAll('blockquote[data-secret=\"'+t.secret+'\"]'),c=new RegExp(\"^https?:$\",\"i\"),i=0;i<o.length;i++)o[i].style.display=\"none\";for(i=0;i<a.length;i++)s=a[i],e.source===s.contentWindow&&(s.removeAttribute(\"style\"),\"height\"===t.message?(1e3<(r=parseInt(t.value,10))?r=1e3:~~r<200&&(r=200),s.height=r):\"link\"===t.message&&(r=new URL(s.getAttribute(\"src\")),n=new URL(t.value),c.test(n.protocol))&&n.host===r.host&&l.activeElement===s&&(d.top.location.href=t.value))}},d.addEventListener(\"message\",d.wp.receiveEmbedMessage,!1),l.addEventListener(\"DOMContentLoaded\",function(){for(var e,t,s=l.querySelectorAll(\"iframe.wp-embedded-content\"),r=0;r<s.length;r++)(t=(e=s[r]).getAttribute(\"data-secret\"))||(t=Math.random().toString(36).substring(2,12),e.src+=\"#?secret=\"+t,e.setAttribute(\"data-secret\",t)),e.contentWindow.postMessage({message:\"ready\",secret:t},\"*\")},!1)))}(window,document);\n\/* ]]> *\/\n<\/script>\n","thumbnail_url":"https:\/\/welovecinema.be\/wp-content\/uploads\/sites\/2\/2023\/04\/Augure-Baloji.jpg","thumbnail_width":1024,"thumbnail_height":660,"description":"Augure, premier long m\u00e9trage de Baloji, sera d\u00e9voil\u00e9 en S\u00e9lection officielle au Festival de Cannes dans la section Un certain regard!&nbsp; Artiste aux multiples talents, Baloji pr\u00e9sentera au Festival de Cannes son premier long m\u00e9trage, Augure, avec Marc Zinga, Lucie Debay, Eliane Umuhire et Yves-Marina Gnahoua. Augure est un film choral retra\u00e7ant l\u2019histoire de quatre &hellip;"}