{"version":"1.0","provider_name":"We Love Cinema","provider_url":"https:\/\/welovecinema.be\/fr\/","author_name":"Aurore Engelen","author_url":"https:\/\/welovecinema.be\/fr\/author\/aurore-engelen\/","title":"Au programme du festival de cin\u00e9ma En Ville! - We Love Cinema","type":"rich","width":600,"height":338,"html":"<blockquote class=\"wp-embedded-content\" data-secret=\"PeEceiWSRm\"><a href=\"https:\/\/welovecinema.be\/fr\/au-programme-du-festival-de-cinema-en-ville\/\">Au programme du festival de cin\u00e9ma En Ville!<\/a><\/blockquote><iframe sandbox=\"allow-scripts\" security=\"restricted\" src=\"https:\/\/welovecinema.be\/fr\/au-programme-du-festival-de-cinema-en-ville\/embed\/#?secret=PeEceiWSRm\" width=\"600\" height=\"338\" title=\"\u00ab\u00a0Au programme du festival de cin\u00e9ma En Ville!\u00a0\u00bb &#8212; We Love Cinema\" data-secret=\"PeEceiWSRm\" frameborder=\"0\" marginwidth=\"0\" marginheight=\"0\" scrolling=\"no\" class=\"wp-embedded-content\"><\/iframe><script type=\"text\/javascript\">\n\/* <![CDATA[ *\/\n\/*! This file is auto-generated *\/\n!function(d,l){\"use strict\";l.querySelector&&d.addEventListener&&\"undefined\"!=typeof URL&&(d.wp=d.wp||{},d.wp.receiveEmbedMessage||(d.wp.receiveEmbedMessage=function(e){var t=e.data;if((t||t.secret||t.message||t.value)&&!\/[^a-zA-Z0-9]\/.test(t.secret)){for(var s,r,n,a=l.querySelectorAll('iframe[data-secret=\"'+t.secret+'\"]'),o=l.querySelectorAll('blockquote[data-secret=\"'+t.secret+'\"]'),c=new RegExp(\"^https?:$\",\"i\"),i=0;i<o.length;i++)o[i].style.display=\"none\";for(i=0;i<a.length;i++)s=a[i],e.source===s.contentWindow&&(s.removeAttribute(\"style\"),\"height\"===t.message?(1e3<(r=parseInt(t.value,10))?r=1e3:~~r<200&&(r=200),s.height=r):\"link\"===t.message&&(r=new URL(s.getAttribute(\"src\")),n=new URL(t.value),c.test(n.protocol))&&n.host===r.host&&l.activeElement===s&&(d.top.location.href=t.value))}},d.addEventListener(\"message\",d.wp.receiveEmbedMessage,!1),l.addEventListener(\"DOMContentLoaded\",function(){for(var e,t,s=l.querySelectorAll(\"iframe.wp-embedded-content\"),r=0;r<s.length;r++)(t=(e=s[r]).getAttribute(\"data-secret\"))||(t=Math.random().toString(36).substring(2,12),e.src+=\"#?secret=\"+t,e.setAttribute(\"data-secret\",t)),e.contentWindow.postMessage({message:\"ready\",secret:t},\"*\")},!1)))}(window,document);\n\/* ]]> *\/\n<\/script>\n","thumbnail_url":"https:\/\/welovecinema.be\/wp-content\/uploads\/sites\/2\/2020\/07\/Capture-d\u2019e\u0301cran-2020-07-06-a\u0300-18.18.11.png","thumbnail_width":2038,"thumbnail_height":1154,"description":"Le festival de cin\u00e9ma En Ville! prendra ses quartiers cet \u00e9t\u00e9 \u00e0 Bruxelles pour\u00a0une comp\u00e9tition de films belges et internationaux,\u00a0du 25 juillet au 7 ao\u00fbt \u00e0 Bruxelles. 14 films belges et internationaux, en comp\u00e9tition ou en s\u00e9ance sp\u00e9ciale. Une s\u00e9lection de documentaires pr\u00e9sent\u00e9s au cours des derniers mois dans les festivals internationaux et pour beaucoup &hellip;"}