{"version":"1.0","provider_name":"We Love Cinema","provider_url":"https:\/\/welovecinema.be\/fr\/","author_name":"Aurore Engelen","author_url":"https:\/\/welovecinema.be\/fr\/author\/aurore-engelen\/","title":"\"Adoration\" en premi\u00e8re mondiale \u00e0 Locarno! - We Love Cinema","type":"rich","width":600,"height":338,"html":"<blockquote class=\"wp-embedded-content\" data-secret=\"4viYNlatqG\"><a href=\"https:\/\/welovecinema.be\/fr\/adoration-en-premiere-mondiale-a-locarno\/\">\u00ab\u00a0Adoration\u00a0\u00bb en premi\u00e8re mondiale \u00e0 Locarno!<\/a><\/blockquote><iframe sandbox=\"allow-scripts\" security=\"restricted\" src=\"https:\/\/welovecinema.be\/fr\/adoration-en-premiere-mondiale-a-locarno\/embed\/#?secret=4viYNlatqG\" width=\"600\" height=\"338\" title=\"\u00ab\u00a0\u00ab\u00a0Adoration\u00a0\u00bb en premi\u00e8re mondiale \u00e0 Locarno!\u00a0\u00bb &#8212; We Love Cinema\" data-secret=\"4viYNlatqG\" frameborder=\"0\" marginwidth=\"0\" marginheight=\"0\" scrolling=\"no\" class=\"wp-embedded-content\"><\/iframe><script type=\"text\/javascript\">\n\/* <![CDATA[ *\/\n\/*! This file is auto-generated *\/\n!function(d,l){\"use strict\";l.querySelector&&d.addEventListener&&\"undefined\"!=typeof URL&&(d.wp=d.wp||{},d.wp.receiveEmbedMessage||(d.wp.receiveEmbedMessage=function(e){var t=e.data;if((t||t.secret||t.message||t.value)&&!\/[^a-zA-Z0-9]\/.test(t.secret)){for(var s,r,n,a=l.querySelectorAll('iframe[data-secret=\"'+t.secret+'\"]'),o=l.querySelectorAll('blockquote[data-secret=\"'+t.secret+'\"]'),c=new RegExp(\"^https?:$\",\"i\"),i=0;i<o.length;i++)o[i].style.display=\"none\";for(i=0;i<a.length;i++)s=a[i],e.source===s.contentWindow&&(s.removeAttribute(\"style\"),\"height\"===t.message?(1e3<(r=parseInt(t.value,10))?r=1e3:~~r<200&&(r=200),s.height=r):\"link\"===t.message&&(r=new URL(s.getAttribute(\"src\")),n=new URL(t.value),c.test(n.protocol))&&n.host===r.host&&l.activeElement===s&&(d.top.location.href=t.value))}},d.addEventListener(\"message\",d.wp.receiveEmbedMessage,!1),l.addEventListener(\"DOMContentLoaded\",function(){for(var e,t,s=l.querySelectorAll(\"iframe.wp-embedded-content\"),r=0;r<s.length;r++)(t=(e=s[r]).getAttribute(\"data-secret\"))||(t=Math.random().toString(36).substring(2,12),e.src+=\"#?secret=\"+t,e.setAttribute(\"data-secret\",t)),e.contentWindow.postMessage({message:\"ready\",secret:t},\"*\")},!1)))}(window,document);\n\/* ]]> *\/\n<\/script>\n","thumbnail_url":"https:\/\/welovecinema.be\/wp-content\/uploads\/sites\/2\/2019\/07\/AdorationLocarno.jpg","thumbnail_width":1920,"thumbnail_height":1080,"description":"Pas moins de quatre films belges seront d\u00e9voil\u00e9s \u00e0 l&rsquo;occasion de la 72e \u00e9dition du Festival International du Film de Locarno, dont le tr\u00e8s attendu nouveau film de Fabrice du Welz, Adoration. Troisi\u00e8me volet de la trilogie ardennaise du r\u00e9alisateur belge, Adoration conte l\u2019histoire de Paul, un jeune gar\u00e7on solitaire de 14 ans. Sa m\u00e8re &hellip;"}