{"version":"1.0","provider_name":"We Love Cinema","provider_url":"https:\/\/welovecinema.be\/fr\/","author_name":"Philippe.Pierquin","author_url":"https:\/\/welovecinema.be\/fr\/author\/philippe-pierquin\/","title":"La F\u00e9e :Havre de paix et de po\u00e9sie - We Love Cinema","type":"rich","width":600,"height":338,"html":"<blockquote class=\"wp-embedded-content\" data-secret=\"eq0ylgnszB\"><a href=\"https:\/\/welovecinema.be\/fr\/abel-et-gordon-un-amour-feerique\/\">La F\u00e9e :<br>Havre de paix et de po\u00e9sie<\/a><\/blockquote><iframe sandbox=\"allow-scripts\" security=\"restricted\" src=\"https:\/\/welovecinema.be\/fr\/abel-et-gordon-un-amour-feerique\/embed\/#?secret=eq0ylgnszB\" width=\"600\" height=\"338\" title=\"\u00ab\u00a0La F\u00e9e :&lt;br&gt;Havre de paix et de po\u00e9sie\u00a0\u00bb &#8212; We Love Cinema\" data-secret=\"eq0ylgnszB\" frameborder=\"0\" marginwidth=\"0\" marginheight=\"0\" scrolling=\"no\" class=\"wp-embedded-content\"><\/iframe><script type=\"text\/javascript\">\n\/* <![CDATA[ *\/\n\/*! This file is auto-generated *\/\n!function(d,l){\"use strict\";l.querySelector&&d.addEventListener&&\"undefined\"!=typeof URL&&(d.wp=d.wp||{},d.wp.receiveEmbedMessage||(d.wp.receiveEmbedMessage=function(e){var t=e.data;if((t||t.secret||t.message||t.value)&&!\/[^a-zA-Z0-9]\/.test(t.secret)){for(var s,r,n,a=l.querySelectorAll('iframe[data-secret=\"'+t.secret+'\"]'),o=l.querySelectorAll('blockquote[data-secret=\"'+t.secret+'\"]'),c=new RegExp(\"^https?:$\",\"i\"),i=0;i<o.length;i++)o[i].style.display=\"none\";for(i=0;i<a.length;i++)s=a[i],e.source===s.contentWindow&&(s.removeAttribute(\"style\"),\"height\"===t.message?(1e3<(r=parseInt(t.value,10))?r=1e3:~~r<200&&(r=200),s.height=r):\"link\"===t.message&&(r=new URL(s.getAttribute(\"src\")),n=new URL(t.value),c.test(n.protocol))&&n.host===r.host&&l.activeElement===s&&(d.top.location.href=t.value))}},d.addEventListener(\"message\",d.wp.receiveEmbedMessage,!1),l.addEventListener(\"DOMContentLoaded\",function(){for(var e,t,s=l.querySelectorAll(\"iframe.wp-embedded-content\"),r=0;r<s.length;r++)(t=(e=s[r]).getAttribute(\"data-secret\"))||(t=Math.random().toString(36).substring(2,12),e.src+=\"#?secret=\"+t,e.setAttribute(\"data-secret\",t)),e.contentWindow.postMessage({message:\"ready\",secret:t},\"*\")},!1)))}(window,document);\n\/* ]]> *\/\n<\/script>\n","thumbnail_url":"https:\/\/welovecinema.be\/wp-content\/uploads\/sites\/2\/2011\/06\/f\u00e9e-15.jpg","thumbnail_width":"600","thumbnail_height":"400","description":"Le 12 mai dernier, La F\u00e9e a donc ouvert la Quinzaine des R\u00e9alisateurs cannoise. Un honneur pour un film belge. Perp\u00e9tu\u00e9 la semaine derni\u00e8re par des\u00a0apparitions\u00a0f\u00e9\u00e9riques dans le cadre des BNP Paribas Fortis Film Days. (Dominique) Abel et (Fiona) Gordon ont parcouru la communaut\u00e9 fran\u00e7aise de Bruxelles \u00e0 Braine L&rsquo;Alleud en passant par Namur et &hellip;"}